{"id":5865,"date":"2025-02-27T17:12:19","date_gmt":"2025-02-27T15:12:19","guid":{"rendered":"https:\/\/muzeulmunicipalreginamariaiasi.ro\/ioan-neculce-bulletin\/volumes\/buletinul-ioan-neculce-volumul-ii-2020\/"},"modified":"2025-03-13T10:17:15","modified_gmt":"2025-03-13T08:17:15","slug":"ioan-neculce-bulletin-volume-ii-2020","status":"publish","type":"page","link":"https:\/\/buletinneculce.ro\/en\/volumes\/ioan-neculce-bulletin-volume-ii-2020\/","title":{"rendered":"&#8220;Ioan Neculce&#8221; bulletin &#8211; volume II\/2020"},"content":{"rendered":"<p><div class=\"fusion-fullwidth fullwidth-box fusion-builder-row-1 fusion-flex-container has-pattern-background has-mask-background nonhundred-percent-fullwidth non-hundred-percent-height-scrolling\" style=\"--awb-border-radius-top-left:0px;--awb-border-radius-top-right:0px;--awb-border-radius-bottom-right:0px;--awb-border-radius-bottom-left:0px;--awb-flex-wrap:wrap;\" ><div class=\"fusion-builder-row fusion-row fusion-flex-align-items-flex-start fusion-flex-content-wrap\" style=\"max-width:1144px;margin-left: calc(-4% \/ 2 );margin-right: calc(-4% \/ 2 );\"><div class=\"fusion-layout-column fusion_builder_column fusion-builder-column-0 fusion_builder_column_1_1 1_1 fusion-flex-column\" style=\"--awb-bg-size:cover;--awb-width-large:100%;--awb-margin-top-large:0px;--awb-spacing-right-large:1.92%;--awb-margin-bottom-large:0px;--awb-spacing-left-large:1.92%;--awb-width-medium:100%;--awb-order-medium:0;--awb-spacing-right-medium:1.92%;--awb-spacing-left-medium:1.92%;--awb-width-small:100%;--awb-order-small:0;--awb-spacing-right-small:1.92%;--awb-spacing-left-small:1.92%;\" data-scroll-devices=\"small-visibility,medium-visibility,large-visibility\"><div class=\"fusion-column-wrapper fusion-column-has-shadow fusion-flex-justify-content-flex-start fusion-content-layout-column\"><div class=\"fusion-title title fusion-title-1 fusion-sep-none fusion-title-text fusion-title-size-div\" style=\"--awb-text-color:var(--awb-color8);\"><div class=\"fusion-title-heading title-heading-left title-heading-tag fusion-responsive-typography-calculated\" style=\"font-family:var(--awb-typography2-font-family);font-weight:var(--awb-typography2-font-weight);font-style:var(--awb-typography2-font-style);margin:0;--fontSize:17;--minFontSize:17;line-height:var(--awb-typography4-line-height);\">Volume II:<\/div><\/div><\/div><\/div><div class=\"fusion-layout-column fusion_builder_column fusion-builder-column-1 fusion_builder_column_1_1 1_1 fusion-flex-column\" style=\"--awb-bg-size:cover;--awb-width-large:100%;--awb-margin-top-large:0px;--awb-spacing-right-large:1.92%;--awb-margin-bottom-large:0px;--awb-spacing-left-large:1.92%;--awb-width-medium:100%;--awb-order-medium:0;--awb-spacing-right-medium:1.92%;--awb-spacing-left-medium:1.92%;--awb-width-small:100%;--awb-order-small:0;--awb-spacing-right-small:1.92%;--awb-spacing-left-small:1.92%;\"><div class=\"fusion-column-wrapper fusion-column-has-shadow fusion-flex-justify-content-flex-start fusion-content-layout-column\"><div class=\"fusion-text fusion-text-1 awb-text-cols fusion-text-columns-2\" style=\"--awb-content-alignment:justify;--awb-font-size:16px;--awb-columns:2;--awb-column-spacing:2em;--awb-column-min-width:300px;--awb-text-font-family:var(--awb-typography4-font-family);--awb-text-font-weight:var(--awb-typography4-font-weight);--awb-text-font-style:var(--awb-typography4-font-style);\"><p><strong>A first conference and a new issue of the magazine<\/strong><\/p>\n<p>On August 28 and 29, 2020, the first Annual Conference of the &#8220;Queen Maria&#8221; Municipal Museum took place. The demonstration was organized with the support of the Ia\u015fi City Hall and the Rotary Club of Ia\u015fi and took place in the institution&#8217;s garden in Strada Zmeu.<\/p>\n<p>Around the general theme, bearing the title: From the history of the city of Ia\u0219i: people, places, institutions, 27 communications by recognized historians and archaeologists, young or at the age of academic maturity, were included in the conference program, who responded to the call launched by the organizers to bring together their scientific concerns in a dialogue intended to lead to the emergence, in the near future, of a new history of the city. The idea of \u200b\u200bthe conference started from the current observation of a state of mind comparable to that of the beginning of the 20th century, when N. A. Bogdan wrote about Iasi, but also to that of the 60s-70s, when the city experienced major urban changes, at an intense pace and in a short time. Those were the moments of the publication of valuable works on the history of the city, something that is possible to happen even today.<\/p>\n<p>The outcome of the conference was encouraging, because during the two days the public was presented with the image of the latest research on the past of the city of Ia\u015fi, on coordinates such as: The city and its people, where they talked about doctors from Ia\u0219i, about libraries, readers and cultural personalities and political, like Teodor Codrescu or Nicolae Gane. The sub-theme The city and its elites continued as a deepening, a genealogical history of Ia\u0219i being problematized, then going to the cathedral yard of the Metropolitanate of Moldavia, to look for the important people who were buried there and talking, further, about founders of churches and Iasi institutions and about people close to power, who, in the 19th century, despite the risk of losing their rank, wanted to be reformers of Moldovan society. In the group called The City and its hidden testimonies, the archaeological discoveries were brought to the surface and their role in the knowledge of the past of Ia\u0219i was shown, the material evidence completing the documentary information. Institutions that were, such as those intended to prevent and fight fires or other natural disasters, hospitals, prisons or orphanages &#8211; were topics debated in another section, arousing the interest of the participants. So that, in the section entitled The City and its Pretences, the lecturers lead us from the 17th century to the communist period, showing us the metamorphoses that, in different eras, Ia\u0219i experienced, from the point of view of human habitation , territorial expansion and urban structure, as a mixture of needs, aspirations, possibilities, up to the expression of administrative and political will in the way the city evolved and looked. The last section, called Varia: places, people, institutions, included apparently diverse, but not dissonant, interventions, from the questioning of the role that public monuments still have today, continuing with a presentation of the beginnings of cycling in Iasi and ending with two evocations of the activity of the &#8220;Regina Maria&#8221; Municipal Museum in the last period, through the acquisitions it made and the actions it organized.<\/p>\n<p>The meeting being a success, due to the quality of the communications and discussions, most of the presented texts can be found in the current issue of the Ioan Neculce magazine. Bulletin of the &#8220;Regina Maria&#8221; Municipal Museum. Others were added to those, which were not found in the conference program, but are subscribed to the same concerns for the knowledge of the past of the city and its surroundings, following the program stated since the introduction of the first issue of the new series of the magazine.<\/p>\n<p>The time has also come for a clarification that could not be made at the beginning of the first issue, namely that this is the third series of the &#8220;Ioan Neculce&#8221; periodical, claiming a succession that has its beginnings with the periodical of the first Municipal Museum of Iesian , appeared 100 years ago, but whose symbolic legacy was taken over, as early as 1995, by the revival of a publication called &#8220;Ioan Neculce. Bulletin of the Museum of History of Moldova&#8221;, a second series that ended up numbering XXIV volumes.<\/p>\n<p>After the re-establishment of the Municipal Museum, it was discussed, in agreement with the Editorial Board of the History Museum of Moldova, within the Iasi National Museum Complex, the return of the magazine to its place of origin, by making a transfer, a takeover and returning to the name and the first purpose of the periodical, those formulated in 1921. Later, the agreement to transfer the &#8220;Ioan Neculce&#8221; series from the History Museum to the Municipal Museum was delayed, which is why the current series started last year with issue I. In in addition, compared to the institution established in 1920, the current Municipal Museum received, in 2019, the nickname of &#8220;Queen Maria&#8221;, which was also added to the name of the magazine, which means that now the original name is no longer followed exactly of the periodical, the new name being another argument for identifying it as a new series from an editorial tradition started a century ago.<\/p>\n<p><em>Marius Chelcu<\/em><\/p>\n<\/div><\/div><\/div><div class=\"fusion-layout-column fusion_builder_column fusion-builder-column-2 fusion_builder_column_1_1 1_1 fusion-flex-column\" style=\"--awb-bg-size:cover;--awb-width-large:100%;--awb-margin-top-large:-50px;--awb-spacing-right-large:1.92%;--awb-margin-bottom-large:0px;--awb-spacing-left-large:1.92%;--awb-width-medium:100%;--awb-order-medium:0;--awb-spacing-right-medium:1.92%;--awb-spacing-left-medium:1.92%;--awb-width-small:100%;--awb-order-small:0;--awb-spacing-right-small:1.92%;--awb-spacing-left-small:1.92%;\" data-scroll-devices=\"small-visibility,medium-visibility,large-visibility\"><div class=\"fusion-column-wrapper fusion-column-has-shadow fusion-flex-justify-content-flex-start fusion-content-layout-column\"><\/div><\/div><\/div><\/div><div class=\"fusion-fullwidth fullwidth-box fusion-builder-row-2 fusion-flex-container has-pattern-background has-mask-background nonhundred-percent-fullwidth non-hundred-percent-height-scrolling\" style=\"--awb-border-radius-top-left:0px;--awb-border-radius-top-right:0px;--awb-border-radius-bottom-right:0px;--awb-border-radius-bottom-left:0px;--awb-flex-wrap:wrap;\" ><div class=\"fusion-builder-row fusion-row fusion-flex-align-items-flex-start fusion-flex-content-wrap\" style=\"max-width:1144px;margin-left: calc(-4% \/ 2 );margin-right: calc(-4% \/ 2 );\"><div class=\"fusion-layout-column fusion_builder_column fusion-builder-column-3 fusion_builder_column_1_3 1_3 fusion-flex-column\" style=\"--awb-bg-size:cover;--awb-width-large:33.333333333333%;--awb-margin-top-large:0px;--awb-spacing-right-large:5.76%;--awb-margin-bottom-large:0px;--awb-spacing-left-large:5.76%;--awb-width-medium:100%;--awb-order-medium:0;--awb-spacing-right-medium:1.92%;--awb-spacing-left-medium:1.92%;--awb-width-small:100%;--awb-order-small:0;--awb-spacing-right-small:1.92%;--awb-spacing-left-small:1.92%;\"><div class=\"fusion-column-wrapper fusion-column-has-shadow fusion-flex-justify-content-flex-start fusion-content-layout-column\"><div class=\"fusion-image-element \" style=\"text-align:center;--awb-caption-title-font-family:var(--h2_typography-font-family);--awb-caption-title-font-weight:var(--h2_typography-font-weight);--awb-caption-title-font-style:var(--h2_typography-font-style);--awb-caption-title-size:var(--h2_typography-font-size);--awb-caption-title-transform:var(--h2_typography-text-transform);--awb-caption-title-line-height:var(--h2_typography-line-height);--awb-caption-title-letter-spacing:var(--h2_typography-letter-spacing);\"><span class=\" fusion-imageframe imageframe-dropshadow imageframe-1 hover-type-zoomin\" style=\"border:1px solid var(--awb-color5);-webkit-box-shadow: 3px 3px 7px var(--awb-color8);box-shadow: 3px 3px 7px var(--awb-color8);\"><a class=\"fusion-no-lightbox\" href=\"https:\/\/muzeulmunicipalreginamariaiasi.ro\/wp-content\/uploads\/2021\/02\/Ioan-Neculce_nr-2_2020_FormatA4_Editura_30dec2020_compressed.pdf\" target=\"_blank\" aria-label=\"Buletinul \u201eIoan Neculce\u201d &#8211; volumul II\/2020\" rel=\"noopener noreferrer\"><img decoding=\"async\" width=\"400\" height=\"543\" alt=\"Buletinul \u201eIoan Neculce\u201d - volumul II\/2020\" src=\"https:\/\/buletinneculce.ro\/wp-content\/uploads\/2024\/08\/ioan-neculce-2.jpg\" data-orig-src=\"https:\/\/muzeulmunicipalreginamariaiasi.ro\/wp-content\/uploads\/2024\/08\/ioan-neculce-2.jpg\" class=\"lazyload img-responsive wp-image-6010\" srcset=\"data:image\/svg+xml,%3Csvg%20xmlns%3D%27http%3A%2F%2Fwww.w3.org%2F2000%2Fsvg%27%20width%3D%27400%27%20height%3D%27543%27%20viewBox%3D%270%200%20400%20543%27%3E%3Crect%20width%3D%27400%27%20height%3D%27543%27%20fill-opacity%3D%220%22%2F%3E%3C%2Fsvg%3E\" data-srcset=\"https:\/\/buletinneculce.ro\/wp-content\/uploads\/2024\/08\/ioan-neculce-2-200x272.jpg 200w, https:\/\/buletinneculce.ro\/wp-content\/uploads\/2024\/08\/ioan-neculce-2.jpg 400w\" data-sizes=\"auto\" data-orig-sizes=\"(max-width: 1024px) 100vw, (max-width: 640px) 100vw, 400px\" \/><\/a><\/span><\/div><div style=\"text-align:center;\"><a class=\"fusion-button button-flat fusion-button-default-size button-default fusion-button-default button-1 fusion-button-default-span fusion-button-default-type\" style=\"--button_margin-top:30px;--button_margin-bottom:30px;\" target=\"_blank\" rel=\"noopener noreferrer\" href=\"https:\/\/muzeulmunicipalreginamariaiasi.ro\/wp-content\/uploads\/2021\/02\/Ioan-Neculce_nr-2_2020_FormatA4_Editura_30dec2020_compressed.pdf\"><span class=\"fusion-button-text awb-button__text awb-button__text--default\">Download volume<\/span><\/a><\/div><\/div><\/div><div class=\"fusion-layout-column fusion_builder_column fusion-builder-column-4 fusion_builder_column_2_3 2_3 fusion-flex-column\" style=\"--awb-bg-size:cover;--awb-width-large:66.666666666667%;--awb-margin-top-large:0px;--awb-spacing-right-large:2.88%;--awb-margin-bottom-large:0px;--awb-spacing-left-large:2.88%;--awb-width-medium:100%;--awb-order-medium:0;--awb-spacing-right-medium:1.92%;--awb-spacing-left-medium:1.92%;--awb-width-small:100%;--awb-order-small:0;--awb-spacing-right-small:1.92%;--awb-spacing-left-small:1.92%;\"><div class=\"fusion-column-wrapper fusion-column-has-shadow fusion-flex-justify-content-flex-start fusion-content-layout-column\"><div class=\"fusion-title title fusion-title-2 fusion-sep-none fusion-title-text fusion-title-size-three\"><h3 class=\"fusion-title-heading title-heading-left fusion-responsive-typography-calculated\" style=\"font-family:var(--awb-typography2-font-family);font-weight:var(--awb-typography2-font-weight);font-style:var(--awb-typography2-font-style);margin:0;--fontSize:28;line-height:1.3;\">&#8220;Ioan Neculce&#8221; &#8211; Bulletin of the Municipal Museum &#8220;Regina Maria&#8221; Ia\u0219i, No. II\/2020<\/h3><\/div><div class=\"fusion-text fusion-text-2\" style=\"--awb-font-size:16px;--awb-text-font-family:var(--awb-typography4-font-family);--awb-text-font-weight:var(--awb-typography4-font-weight);--awb-text-font-style:var(--awb-typography4-font-style);\"><p><strong><em>Contents: <\/em><\/strong><\/p>\n<ul>\n<li>Marius Chelcu, <em>O prim\u0103 conferin\u021b\u0103 \u0219i un nou num\u0103r al revistei<\/em> \u2013 p. 5<\/li>\n<\/ul>\n<p><strong>Ora\u0219ul, locurile \u0219i prefacerile sale<\/strong><\/p>\n<ul>\n<li>Elena Gherman, <em>Ora\u0219ul Ia\u0219i la sf\u00e2r\u0219itul secolului al XVI-lea \u0219i \u00eenceputul secolului al XVII-lea. Izvoare documentare \u0219i arheologice<\/em> \u2013 p. 9<\/li>\n<li>Iuliana Br\u0103tescu, <em>Mahalaua T\u0103lp\u0103lari \u2013 locuri, oameni \u0219i vecinit\u0103\u021bi urbane<\/em> \u2013 p. 21<\/li>\n<li>Sorin Iftimi, <em>Cap\u0103tul \u201eUli\u021bei Mari\u201d din Ia\u0219i. Locurile hanurilor \u201eTrei Ierarhi\u201d \u0219i \u201eSt. Petersburg\u201d (XVII-XIX)<\/em> \u2013 p. 35<\/li>\n<li>Andrei Melinte, <em>Apari\u021bia \u0219i evolu\u021bia t\u00e2rgu\u0219oarelor de la periferia ora\u0219ului Ia\u0219i \u00een prima jum\u0103tate a secolului al XIX-lea: t\u00e2rgu\u0219oarele de la Socola \u0219i Zalhana<\/em> \u2013 p. 49<\/li>\n<li>Alexandru Aioanei, <em>Ora\u0219ul se schimb\u0103. Ia\u0219ul \u00een anii `50, comer\u021b, dot\u0103ri edilitare, salubritate<\/em> \u2013 p. 65<\/li>\n<\/ul>\n<p><strong>Oameni care au fost<\/strong><\/p>\n<ul>\n<li>Ina Chiril\u0103, <em>Theodor Codrescu \u0219i posteritatea sa<\/em> \u2013 p. 79<\/li>\n<li>C\u0103t\u0103lin Boto\u0219ineanu, <em>Memoria Marelui R\u0103zboi la Ia\u0219i. Uitarea unui sacrificiu: Olga Sturdza<\/em> \u2013 p. 89<\/li>\n<\/ul>\n<p><strong>Institu\u021bii care au fost<\/strong><\/p>\n<ul>\n<li>Mihai-Cristian Am\u0103riu\u021bei, <em>Despre \u201eComitetul \u00eentru toat\u0103 \u00eengrijirea ora\u0219ului \u0219i punerea la cale a siguran\u021bei ob\u0219tii\u201d, numit \u00een urma incendiului din Ia\u0219i din 1827<\/em> \u2013 p. 109<\/li>\n<li>Silviu V\u0103caru, <em>Temni\u021ba din Ia\u0219i \u00een timpul ocupa\u021biei ruse (1828-1834)<\/em> \u2013 p. 123<\/li>\n<li>C\u0103t\u0103lina Chelcu, <em>Date preliminare privitoare la \u00eenceputul func\u021bion\u0103rii Spitalului Militar din Ia\u0219i<\/em> \u2013 p. 159<\/li>\n<\/ul>\n<p><strong>Ora\u0219ul, monumentele \u0219i arti\u0219tii s\u0103i<\/strong><\/p>\n<ul>\n<li>Andi Mihalache, <em>De unde provin statuile Ia\u0219ilor? Scurt\u0103 pledoarie<\/em> \u2013 p. 167<\/li>\n<li>Sorin Iftimi, <em>Casa \u201eIosif Zoller\u201d \u00een contextul istoric urban al str\u0103zii Elena Doamna<\/em> \u2013 p. 189<\/li>\n<li>Dana Servant, <em>Boema artistic\u0103 ie\u0219ean\u0103 din Montparnasse \u00een epoca Impresionismului tardiv (1900-1914), \u00eentre mit \u0219i realitate<\/em> \u2013 p. 213<\/li>\n<li>Bobi Ap\u0103v\u0103loaei, <em>F\u00e2nt\u0103na de la Antibiotice Ia\u0219i \u2013 opera uitat\u0103 a sculptorului Constantin Baraschi<\/em> \u2013 p. 257<\/li>\n<\/ul>\n<p><strong>Ora\u0219ul, documentele \u0219i amintirile sale<\/strong><\/p>\n<p><strong>\u00a0<\/strong>Dan Dumitru Iacob, <em>Inventarul paraclisului \u201eSf\u00e2nta Treime\u201d al palatului Roznovanu din Ia\u0219i<\/em> \u2013 p. 277<\/p>\n<ul>\n<li>Petronel Zahariuc, <em>Colec\u021bia de documente a Muzeului Municipal \u201eRegina Maria\u201d din Ia\u0219i (I)<\/em> \u2013 p. 321<\/li>\n<li>\u0218tefan S. Gorovei, <em>H\u00e2rtii vechi din arhive noi. Preocup\u0103ri pentru organizarea cercet\u0103rii genealogice \u0219i heraldice 1966-1993 (dou\u0103 comunic\u0103ri din 1999 \u0219i 2000)<\/em> \u2013 p. 349<\/li>\n<\/ul>\n<p><strong>Varia: din ora\u0219 \u0219i \u00eemprejurimi<\/strong><\/p>\n<ul>\n<li>Marius Chelcu, <em>Din trecutul mobilit\u0103\u021bii urbane. Ciclismul la Ia\u0219i \u2013 \u00eenceputuri \u0219i protagoni\u0219ti<\/em> \u2013 p. 375<\/li>\n<\/ul>\n<p>Ludmila Bacunenco-P\u00eern\u0103u, Dan Aparaschivei, <em>Despre biserica de lemn Sf\u00e2nta Treime din B\u0103iceni (comuna Cucuteni, jude\u021bul Ia\u0219i). Note pe marginea unui dosar de arhiv\u0103<\/em> \u2013 p. 389<\/p>\n<\/div><\/div><\/div><\/div><\/div><\/p>\n","protected":false},"excerpt":{"rendered":"","protected":false},"author":1,"featured_media":6419,"parent":5847,"menu_order":0,"comment_status":"closed","ping_status":"closed","template":"","meta":{"footnotes":""},"class_list":["post-5865","page","type-page","status-publish","has-post-thumbnail","hentry"],"_links":{"self":[{"href":"https:\/\/buletinneculce.ro\/en\/wp-json\/wp\/v2\/pages\/5865","targetHints":{"allow":["GET"]}}],"collection":[{"href":"https:\/\/buletinneculce.ro\/en\/wp-json\/wp\/v2\/pages"}],"about":[{"href":"https:\/\/buletinneculce.ro\/en\/wp-json\/wp\/v2\/types\/page"}],"author":[{"embeddable":true,"href":"https:\/\/buletinneculce.ro\/en\/wp-json\/wp\/v2\/users\/1"}],"replies":[{"embeddable":true,"href":"https:\/\/buletinneculce.ro\/en\/wp-json\/wp\/v2\/comments?post=5865"}],"version-history":[{"count":0,"href":"https:\/\/buletinneculce.ro\/en\/wp-json\/wp\/v2\/pages\/5865\/revisions"}],"up":[{"embeddable":true,"href":"https:\/\/buletinneculce.ro\/en\/wp-json\/wp\/v2\/pages\/5847"}],"wp:featuredmedia":[{"embeddable":true,"href":"https:\/\/buletinneculce.ro\/en\/wp-json\/wp\/v2\/media\/6419"}],"wp:attachment":[{"href":"https:\/\/buletinneculce.ro\/en\/wp-json\/wp\/v2\/media?parent=5865"}],"curies":[{"name":"wp","href":"https:\/\/api.w.org\/{rel}","templated":true}]}}