{"id":5866,"date":"2025-02-27T17:12:19","date_gmt":"2025-02-27T15:12:19","guid":{"rendered":"https:\/\/muzeulmunicipalreginamariaiasi.ro\/ioan-neculce-bulletin\/volumes\/buletinul-ioan-neculce-volumul-iii-2021\/"},"modified":"2025-03-13T10:17:24","modified_gmt":"2025-03-13T08:17:24","slug":"ioan-neculce-bulletin-volume-iii-2021","status":"publish","type":"page","link":"https:\/\/buletinneculce.ro\/en\/volumes\/ioan-neculce-bulletin-volume-iii-2021\/","title":{"rendered":"&#8220;Ioan Neculce&#8221; bulletin &#8211; volume III\/2021"},"content":{"rendered":"<p><div class=\"fusion-fullwidth fullwidth-box fusion-builder-row-1 fusion-flex-container has-pattern-background has-mask-background nonhundred-percent-fullwidth non-hundred-percent-height-scrolling\" style=\"--awb-border-radius-top-left:0px;--awb-border-radius-top-right:0px;--awb-border-radius-bottom-right:0px;--awb-border-radius-bottom-left:0px;--awb-flex-wrap:wrap;\" ><div class=\"fusion-builder-row fusion-row fusion-flex-align-items-flex-start fusion-flex-content-wrap\" style=\"max-width:1144px;margin-left: calc(-4% \/ 2 );margin-right: calc(-4% \/ 2 );\"><div class=\"fusion-layout-column fusion_builder_column fusion-builder-column-0 fusion_builder_column_1_1 1_1 fusion-flex-column\" style=\"--awb-bg-size:cover;--awb-width-large:100%;--awb-margin-top-large:0px;--awb-spacing-right-large:1.92%;--awb-margin-bottom-large:0px;--awb-spacing-left-large:1.92%;--awb-width-medium:100%;--awb-order-medium:0;--awb-spacing-right-medium:1.92%;--awb-spacing-left-medium:1.92%;--awb-width-small:100%;--awb-order-small:0;--awb-spacing-right-small:1.92%;--awb-spacing-left-small:1.92%;\" data-scroll-devices=\"small-visibility,medium-visibility,large-visibility\"><div class=\"fusion-column-wrapper fusion-column-has-shadow fusion-flex-justify-content-flex-start fusion-content-layout-column\"><div class=\"fusion-title title fusion-title-1 fusion-sep-none fusion-title-text fusion-title-size-div\" style=\"--awb-text-color:var(--awb-color8);\"><div class=\"fusion-title-heading title-heading-left title-heading-tag fusion-responsive-typography-calculated\" style=\"font-family:var(--awb-typography2-font-family);font-weight:var(--awb-typography2-font-weight);font-style:var(--awb-typography2-font-style);margin:0;--fontSize:17;--minFontSize:17;line-height:var(--awb-typography4-line-height);\">Volume III:<\/div><\/div><\/div><\/div><div class=\"fusion-layout-column fusion_builder_column fusion-builder-column-1 fusion_builder_column_1_1 1_1 fusion-flex-column\" style=\"--awb-bg-size:cover;--awb-width-large:100%;--awb-margin-top-large:0px;--awb-spacing-right-large:1.92%;--awb-margin-bottom-large:0px;--awb-spacing-left-large:1.92%;--awb-width-medium:100%;--awb-order-medium:0;--awb-spacing-right-medium:1.92%;--awb-spacing-left-medium:1.92%;--awb-width-small:100%;--awb-order-small:0;--awb-spacing-right-small:1.92%;--awb-spacing-left-small:1.92%;\"><div class=\"fusion-column-wrapper fusion-column-has-shadow fusion-flex-justify-content-flex-start fusion-content-layout-column\"><div class=\"fusion-text fusion-text-1 awb-text-cols fusion-text-columns-2\" style=\"--awb-content-alignment:justify;--awb-font-size:16px;--awb-columns:2;--awb-column-spacing:2em;--awb-column-min-width:300px;--awb-text-font-family:var(--awb-typography4-font-family);--awb-text-font-weight:var(--awb-typography4-font-weight);--awb-text-font-style:var(--awb-typography4-font-style);\"><p>&#8220;Regina Maria&#8221; Municipal Museum, with the support of the Ia\u015fi City Hall, in collaboration with the History Institute &#8220;A. D. Xenopol&#8221;, organized its second annual conference on August 27 and 28, 2021. The organizers, consistent with the format thought from the design of the first conference, issued invitations to historians, archaeologists, linguists, architects and museographers who showed constant and remarkable concerns for the past of the city of Iasi. A gratifying and hopeful fact for the success of the institutional and academic program that is taking shape more and more clearly, year after year, around the museum of the city of Ia\u015fi, the answer was not long in coming, and at the debate table, over the two days, over 30 researchers, being exposed to as many interventions on themes that looked at the city&#8217;s past through people and buildings, cartographic representations, through its churches and cemeteries, or rediscovered the city in the written and unwritten testimonies, in the facts of urban planning, of social assistance, medicine and pharmacy. As a novelty compared to the first edition of the conference, this year&#8217;s program included a debate on museology topics, supported by recognized specialists in the field, from Iasi, Bucharest, Sibiu, Gala\u0163i and Piatra-Neam\u0163.<\/p>\n<p>Without being a volume of the conference, part of the communications presented can be found in the current issue of the magazine. There are 19 studies grouped in paragraphs such as: The city, its people, places and pretenses; Houses that were, houses that still are; The city, its documents and memories; The city and its artists; Associationism, medicine and social assistance and From the surroundings. Just reading the titles can give the impression of too much thematic diversity, but all 19 articles keep the line desired by the editors, that of taking new steps towards the knowledge of the past of the city of Iasi and its surroundings.<\/p>\n<p>As in the previous issues, the table of contents contains articles that contain documentary annexes. They are documents that the authors considered so valuable that it was not enough to indicate them in the bibliographic notes, but to edit them, with the intention of being a support for other researches in the future. Moreover, the inclination towards the publication of archival documents is perhaps the most visible bridge between the magazine started a century ago and this one now, which claims its succession. Also, the volume contains a rich illustration, graphic annexes of the studies, but not with the role of pigmenting the texts, but to complement them, being old plans and maps, photos of the houses and monuments of the city, or snapshots taken during the activities organized by &#8220;Regina Maria&#8221; Municipal Museum in 2021, images that will, over time, become documents in their turn. The second conference and a new issue of the magazine<\/p>\n<p>Like the previous volumes, the texts that this one contains have solid documentary and bibliographic foundations, but they are not addressed exclusively to specialists, but also to the general public. Moreover, this editorial project is not intended to be a demonstration of erudition on urban history topics, but rather a way of addressing a wider audience through which the historical values \u200b\u200bof the city of Ia\u015fi are known, wanting to give an impetus to a better awareness of the need to preserve the material and immaterial memory of the city, protecting it from the dangers of destruction and irretrievable disappearance, following some modernizing transformations, made in haste and from insufficient knowledge of the past.<\/p>\n<p>Marius Chelcu<\/p>\n<\/div><\/div><\/div><div class=\"fusion-layout-column fusion_builder_column fusion-builder-column-2 fusion_builder_column_1_1 1_1 fusion-flex-column\" style=\"--awb-bg-size:cover;--awb-width-large:100%;--awb-margin-top-large:-50px;--awb-spacing-right-large:1.92%;--awb-margin-bottom-large:0px;--awb-spacing-left-large:1.92%;--awb-width-medium:100%;--awb-order-medium:0;--awb-spacing-right-medium:1.92%;--awb-spacing-left-medium:1.92%;--awb-width-small:100%;--awb-order-small:0;--awb-spacing-right-small:1.92%;--awb-spacing-left-small:1.92%;\" data-scroll-devices=\"small-visibility,medium-visibility,large-visibility\"><div class=\"fusion-column-wrapper fusion-column-has-shadow fusion-flex-justify-content-flex-start fusion-content-layout-column\"><\/div><\/div><\/div><\/div><div class=\"fusion-fullwidth fullwidth-box fusion-builder-row-2 fusion-flex-container has-pattern-background has-mask-background nonhundred-percent-fullwidth non-hundred-percent-height-scrolling\" style=\"--awb-border-radius-top-left:0px;--awb-border-radius-top-right:0px;--awb-border-radius-bottom-right:0px;--awb-border-radius-bottom-left:0px;--awb-flex-wrap:wrap;\" ><div class=\"fusion-builder-row fusion-row fusion-flex-align-items-flex-start fusion-flex-content-wrap\" style=\"max-width:1144px;margin-left: calc(-4% \/ 2 );margin-right: calc(-4% \/ 2 );\"><div class=\"fusion-layout-column fusion_builder_column fusion-builder-column-3 fusion_builder_column_1_3 1_3 fusion-flex-column\" style=\"--awb-bg-size:cover;--awb-width-large:33.333333333333%;--awb-margin-top-large:0px;--awb-spacing-right-large:5.76%;--awb-margin-bottom-large:0px;--awb-spacing-left-large:5.76%;--awb-width-medium:100%;--awb-order-medium:0;--awb-spacing-right-medium:1.92%;--awb-spacing-left-medium:1.92%;--awb-width-small:100%;--awb-order-small:0;--awb-spacing-right-small:1.92%;--awb-spacing-left-small:1.92%;\"><div class=\"fusion-column-wrapper fusion-column-has-shadow fusion-flex-justify-content-flex-start fusion-content-layout-column\"><div class=\"fusion-image-element \" style=\"text-align:center;--awb-caption-title-font-family:var(--h2_typography-font-family);--awb-caption-title-font-weight:var(--h2_typography-font-weight);--awb-caption-title-font-style:var(--h2_typography-font-style);--awb-caption-title-size:var(--h2_typography-font-size);--awb-caption-title-transform:var(--h2_typography-text-transform);--awb-caption-title-line-height:var(--h2_typography-line-height);--awb-caption-title-letter-spacing:var(--h2_typography-letter-spacing);\"><span class=\" fusion-imageframe imageframe-dropshadow imageframe-1 hover-type-zoomin\" style=\"border:1px solid var(--awb-color5);-webkit-box-shadow: 3px 3px 7px var(--awb-color8);box-shadow: 3px 3px 7px var(--awb-color8);\"><a class=\"fusion-no-lightbox\" href=\"https:\/\/muzeulmunicipalreginamariaiasi.ro\/wp-content\/uploads\/2024\/01\/2021-Ioan-Neculce-Cuprins_compressed.pdf\" target=\"_blank\" aria-label=\"Buletinul \u201eIoan Neculce\u201d &#8211; volumul III\/2021\" rel=\"noopener noreferrer\"><img decoding=\"async\" width=\"400\" height=\"543\" alt=\"Buletinul \u201eIoan Neculce\u201d - volumul III\/2021\" src=\"https:\/\/buletinneculce.ro\/wp-content\/uploads\/2024\/08\/ioan-neculce-3.jpg\" data-orig-src=\"https:\/\/muzeulmunicipalreginamariaiasi.ro\/wp-content\/uploads\/2024\/08\/ioan-neculce-3.jpg\" class=\"lazyload img-responsive wp-image-6011\" srcset=\"data:image\/svg+xml,%3Csvg%20xmlns%3D%27http%3A%2F%2Fwww.w3.org%2F2000%2Fsvg%27%20width%3D%27400%27%20height%3D%27543%27%20viewBox%3D%270%200%20400%20543%27%3E%3Crect%20width%3D%27400%27%20height%3D%27543%27%20fill-opacity%3D%220%22%2F%3E%3C%2Fsvg%3E\" data-srcset=\"https:\/\/buletinneculce.ro\/wp-content\/uploads\/2024\/08\/ioan-neculce-3-200x272.jpg 200w, https:\/\/buletinneculce.ro\/wp-content\/uploads\/2024\/08\/ioan-neculce-3.jpg 400w\" data-sizes=\"auto\" data-orig-sizes=\"(max-width: 1024px) 100vw, (max-width: 640px) 100vw, 400px\" \/><\/a><\/span><\/div><div style=\"text-align:center;\"><a class=\"fusion-button button-flat fusion-button-default-size button-default fusion-button-default button-1 fusion-button-default-span fusion-button-default-type\" style=\"--button_margin-top:30px;--button_margin-bottom:30px;\" target=\"_blank\" rel=\"noopener noreferrer\" href=\"https:\/\/muzeulmunicipalreginamariaiasi.ro\/wp-content\/uploads\/2024\/01\/2021-Ioan-Neculce-Cuprins_compressed.pdf\"><span class=\"fusion-button-text awb-button__text awb-button__text--default\">Download volume<\/span><\/a><\/div><\/div><\/div><div class=\"fusion-layout-column fusion_builder_column fusion-builder-column-4 fusion_builder_column_2_3 2_3 fusion-flex-column\" style=\"--awb-bg-size:cover;--awb-width-large:66.666666666667%;--awb-margin-top-large:0px;--awb-spacing-right-large:2.88%;--awb-margin-bottom-large:0px;--awb-spacing-left-large:2.88%;--awb-width-medium:100%;--awb-order-medium:0;--awb-spacing-right-medium:1.92%;--awb-spacing-left-medium:1.92%;--awb-width-small:100%;--awb-order-small:0;--awb-spacing-right-small:1.92%;--awb-spacing-left-small:1.92%;\"><div class=\"fusion-column-wrapper fusion-column-has-shadow fusion-flex-justify-content-flex-start fusion-content-layout-column\"><div class=\"fusion-title title fusion-title-2 fusion-sep-none fusion-title-text fusion-title-size-three\"><h3 class=\"fusion-title-heading title-heading-left fusion-responsive-typography-calculated\" style=\"font-family:var(--awb-typography2-font-family);font-weight:var(--awb-typography2-font-weight);font-style:var(--awb-typography2-font-style);margin:0;--fontSize:28;line-height:1.3;\">&#8220;Ioan Neculce&#8221; &#8211; Bulletin of the Municipal Museum &#8220;Regina Maria&#8221; Ia\u0219i, No. III\/2021<\/h3><\/div><div class=\"fusion-text fusion-text-2\" style=\"--awb-font-size:16px;--awb-text-font-family:var(--awb-typography4-font-family);--awb-text-font-weight:var(--awb-typography4-font-weight);--awb-text-font-style:var(--awb-typography4-font-style);\"><p><strong><em>Content: <\/em><\/strong><\/p>\n<ul>\n<li>Marius Chelcu, <em>A doua conferin\u021b\u0103 \u0219i un nou num\u0103r al revistei<\/em> \u2013 p. 5<\/li>\n<\/ul>\n<p><strong>Ora\u0219ul, oamenii, locurile \u0219i prefacerile sale<\/strong><\/p>\n<ul>\n<li>Lauren\u021biu R\u0103dvan, <em>Cu privire la m\u0103rginenii din Ia\u0219i<\/em> \u2013 p. 9<\/li>\n<li>Marius Chelcu, <em>Cu cas\u0103 \u0219i dughean\u0103 pe locul m\u0103n\u0103stirii. Economie, locuire \u0219i urbanism la Ia\u0219i<\/em> \u2013 p. 23<\/li>\n<li>Dan Dumitru Iacob, <em>O mare proprietate funciar\u0103 din Ia\u0219i a familiei Bogdan dup\u0103 un plan de hot\u0103rnicie din 1869<\/em> \u2013 p. 37<\/li>\n<li>Mircea Ciubotaru, <em>Un moment din istoria edilitar\u0103 a Ia\u0219ilor: \u00eenceputul asfalt\u0103rii str\u0103zilor (1872-1873)<\/em> \u2013 p. 65<\/li>\n<\/ul>\n<p><strong>Case care au fost, case care mai sunt<\/strong><\/p>\n<ul>\n<li>Ina Chiril\u0103, <em>Din istoria imobilelor disp\u0103rute: casele Blumenfeld din Ia\u0219i<\/em> \u2013 p. 81<\/li>\n<li>Aurica Ichim, <em>Casa Burchi-Zmeu \u2013 noi informa\u021bii<\/em> \u2013 p. 103<\/li>\n<li>Felicia Iosif, <em>Expropriere cu desp\u0103gubiri: cazul Sanatoriului \u201eDr. Alexandru Tzaicu\u201d din Ia\u0219i<\/em> \u2013 p. 117<\/li>\n<\/ul>\n<p><strong>Ora\u0219ul, documentele \u0219i amintirile sale<\/strong><\/p>\n<ul>\n<li>Mihai-Bogdan Atanasiu, <em>Un pomelnic ie\u0219ean inedit din veacul al XIX-lea al boierilor B\u0103l\u0219e\u0219ti<\/em> \u2013 p. 133<\/li>\n<li>Mihai-Cristian Am\u0103riu\u021bei, Ludmila Bacumenci-P\u00eern\u0103u, Silviu V\u0103caru, <em>C\u0103ut\u0103tori de \u201ecomori\u201d \u00een Moldova secolului al XIX-lea. Dosarul Biserica Ziua Crucii din Ia\u0219i (1837)<\/em> \u2013 p. 145<\/li>\n<li>Elena Gherman, <em>Lespezile funerare de la Biserica Sf\u00e2ntul Gheorghe \u2013 Mitropolia Veche din Ia\u0219i<\/em> \u2013 p. 153<\/li>\n<li>C\u0103t\u0103lina Mihalache, Andi Mihalache, <em>Inscrip\u021biile publice, instantanee dintr-o poveste ne\u00eencheiat\u0103<\/em> \u2013 p. 173<\/li>\n<\/ul>\n<p><strong>Ora\u0219ul \u0219i arti\u0219tii s\u0103i<\/strong><\/p>\n<ul>\n<li>Mihai M\u00e2rza, <em>Iconostasul catedralei din Ia\u0219i f\u0103cut de Ivan Ko\u0219arov: dosarul unei istorii cu final necunoscut<\/em> \u2013 p. 237<\/li>\n<li>Dana Servant, <em>Cum s\u0103 formezi \u201esuflete inspirate\u201d? \u0218tefan Dimitrescu (1866-1933), reformator al \u0218colii de Belle-Arte din Ia\u0219i<\/em> \u2013 p. 251<\/li>\n<\/ul>\n<p><strong>Asocia\u021bionism, medicin\u0103 \u0219i asisten\u021b\u0103 social\u0103<\/strong><\/p>\n<ul>\n<li>C\u0103t\u0103lina Chelcu, <em>Din trecutul asisten\u021bei sociale: breasla calicilor din Ia\u0219i<\/em> \u2013 p. 305<\/li>\n<li>Sorin Grigoru\u021b\u0103, <em>Aspecte m\u0103runte privitoare la asisten\u021ba medical\u0103 \u00een Ia\u0219ii \u00eenceputului de secol XIX: \u201ec\u0103utarea bolnavilor vinova\u021bi de \u00eenchisoarea temni\u021bii\u201d<\/em> \u2013 p. 325<\/li>\n<li>Liviu Br\u0103tescu, <em>Din istoria asocia\u021bionismului ie\u0219ean. Actori, obiective \u0219i forme de organizare (sf\u00e2r\u0219itul secolului XIX \u2013 \u00eenceputul secolului XX)<\/em> \u2013 p. 341<\/li>\n<\/ul>\n<p><strong>Din \u00eemprejurimi<\/strong><\/p>\n<ul>\n<li>Andrei Melinte, <em>T\u00e2rgu\u0219oare din \u021binutul Ia\u0219i \u00een prima jum\u0103tate a secolului al XIX-lea: Zaboloteni \u0219i Bivolari<\/em> \u2013 p. 357<\/li>\n<li>Silviu V\u0103caru, Andrei Carcea, <em>Biserica din satul Cilibiu \u2013 c\u00e2teva l\u0103muriri<\/em> \u2013 p. 369<\/li>\n<li>Astrid Cambose, <em>Satul Aroneanu, din comuna Copou, cultur\u0103 \u0219i civiliza\u021bie popular\u0103 la 1885. Din r\u0103spunsurile manuscrise la <\/em>Chestionarul linguistic <em>al lui B. P. Hasdeu<\/em> \u2013 p. 385<\/li>\n<\/ul>\n<p><strong>*<\/strong><\/p>\n<ul>\n<li>Alexandru Gorea, <em>Din activitatea Muzeului Municipal \u201eRegina Maria\u201d Ia\u0219i \u00een anul 2021<\/em> \u2013 p. 395<\/li>\n<\/ul>\n<p><strong><em>In Memoriam<\/em><\/strong><\/p>\n<ul>\n<li><em>Ioan Capro\u0219u (1934-2021<\/em>) (Marius Chelcu) \u2013 p. 407<\/li>\n<li><em>Mesaj de condolean\u021be la slujba de \u00eenmorm\u00e2ntare a D-lui Sorin Iftimi (\u00cenaltpreasfin\u021bitul Teofan, Mitropolitul Moldovei \u0219i Bucovinei)<\/em> \u2013 p. 408<\/li>\n<li><em>Sorin Iftimi (1965-2021)<\/em> (Marius Chelcu) \u2013 p. 411<\/li>\n<\/ul>\n<p><em>Abrevieri<\/em> \u2013 p. 413.<\/p>\n<\/div><\/div><\/div><\/div><\/div><\/p>\n","protected":false},"excerpt":{"rendered":"","protected":false},"author":1,"featured_media":6419,"parent":5847,"menu_order":0,"comment_status":"closed","ping_status":"closed","template":"","meta":{"footnotes":""},"class_list":["post-5866","page","type-page","status-publish","has-post-thumbnail","hentry"],"_links":{"self":[{"href":"https:\/\/buletinneculce.ro\/en\/wp-json\/wp\/v2\/pages\/5866","targetHints":{"allow":["GET"]}}],"collection":[{"href":"https:\/\/buletinneculce.ro\/en\/wp-json\/wp\/v2\/pages"}],"about":[{"href":"https:\/\/buletinneculce.ro\/en\/wp-json\/wp\/v2\/types\/page"}],"author":[{"embeddable":true,"href":"https:\/\/buletinneculce.ro\/en\/wp-json\/wp\/v2\/users\/1"}],"replies":[{"embeddable":true,"href":"https:\/\/buletinneculce.ro\/en\/wp-json\/wp\/v2\/comments?post=5866"}],"version-history":[{"count":0,"href":"https:\/\/buletinneculce.ro\/en\/wp-json\/wp\/v2\/pages\/5866\/revisions"}],"up":[{"embeddable":true,"href":"https:\/\/buletinneculce.ro\/en\/wp-json\/wp\/v2\/pages\/5847"}],"wp:featuredmedia":[{"embeddable":true,"href":"https:\/\/buletinneculce.ro\/en\/wp-json\/wp\/v2\/media\/6419"}],"wp:attachment":[{"href":"https:\/\/buletinneculce.ro\/en\/wp-json\/wp\/v2\/media?parent=5866"}],"curies":[{"name":"wp","href":"https:\/\/api.w.org\/{rel}","templated":true}]}}